{"id":2379,"date":"2017-01-06T20:15:16","date_gmt":"2017-01-06T19:15:16","guid":{"rendered":"http:\/\/valasskemezirici.casd.cz\/?page_id=2379"},"modified":"2026-01-11T09:43:13","modified_gmt":"2026-01-11T08:43:13","slug":"archiv-kazani-2017","status":"publish","type":"page","link":"https:\/\/valasskemezirici.casd.cz\/?page_id=2379","title":{"rendered":"Archiv k\u00e1z\u00e1n\u00ed 2017"},"content":{"rendered":"<p><span style=\"font-size: 14pt;\"><strong><span style=\"color: #0000ff;\">Rok 2017<\/span><br \/>\n<\/strong><\/span><\/p>\n<hr>\n<p>&nbsp;<\/p>\n<p><span style=\"font-size: 14pt;\">&nbsp; 7.1.2017 &#8211; <span style=\"color: #000000;\"><a style=\"color: #000000;\" href=\"https:\/\/valasskemezirici.casd.cz\/wp-content\/uploads\/2017\/01\/2017-01-07-Pavel-Koste\u010dka.pdf\" target=\"_blank\" rel=\"noopener noreferrer\"><strong>Pavel Koste\u010dka<\/strong> &#8211; <strong>&#8222;Co p\u0159inese nov\u00fd rok&#8220;<\/strong><\/a><\/span><\/span><\/p>\n<p><span style=\"font-size: 14pt;\">14.1.2017 &#8211; <span style=\"color: #000000;\"><a style=\"color: #000000;\" href=\"https:\/\/valasskemezirici.casd.cz\/wp-content\/uploads\/2017\/01\/2017-01-14-Pavel-Koste\u010dka.pdf\" target=\"_blank\" rel=\"noopener noreferrer\"><strong>Pavel Koste\u010dka<\/strong> &#8211; <strong>&#8222;Oby\u010dejn\u00ed lid\u00e9, oby\u010dejn\u00e9 v\u011bci&#8220;<\/strong><\/a><\/span><\/span><\/p>\n<p><span style=\"font-size: 14pt;\">17.1.2017 &#8211; <span style=\"color: #000000;\"><a style=\"color: #000000;\" href=\"https:\/\/valasskemezirici.casd.cz\/wp-content\/uploads\/2017\/01\/2017-01-17-Pavel-\u0160tefan-1.ekumenick\u00e1-bohoslu\u017eba.pdf\" target=\"_blank\" rel=\"noopener noreferrer\"><strong>Pavel \u0160tefan<\/strong> &#8211; &#8222;<strong>Sm\u00ed\u0159en\u00ed \u2013 Kristova l\u00e1ska n\u00e1s nut\u00ed<\/strong>&#8220; <\/a><\/span><\/span><\/p>\n<p><span style=\"font-size: 14pt;\">21.1.2017 &#8211; <span style=\"color: #000000;\"><a style=\"color: #000000;\" href=\"https:\/\/valasskemezirici.casd.cz\/wp-content\/uploads\/2017\/01\/2017-01-21-Petr-Kimler.pdf\" target=\"_blank\" rel=\"noopener noreferrer\"><strong>Petr Kimler<\/strong> &#8211; &#8222;<strong>Nebra\u0148te druh\u00fdm chv\u00e1lit Krista<\/strong>&#8222;<\/a><\/span><\/span><\/p>\n<p><span style=\"font-size: 14pt;\">24.1.2017 &#8211; <span style=\"color: #000000;\"><a style=\"color: #000000;\" href=\"https:\/\/valasskemezirici.casd.cz\/wp-content\/uploads\/2017\/01\/2017-01-24-Daniel-Heller-2.ekumenick\u00e1-bohoslu\u017eba.pdf\" target=\"_blank\" rel=\"noopener noreferrer\"><strong>Daniel Heller<\/strong> &#8211; &#8222;<strong>Sm\u00ed\u0159en\u00ed c\u00edrkv\u00ed<\/strong>&#8222;<\/a><\/span><\/span><\/p>\n<p><span style=\"font-size: 14pt;\">28.1.2017 &#8211; <span style=\"color: #000000;\"><a style=\"color: #000000;\" href=\"https:\/\/valasskemezirici.casd.cz\/wp-content\/uploads\/2017\/01\/2017-01-28-Blanka-Novotn\u00e1.pdf\" target=\"_blank\" rel=\"noopener noreferrer\"><strong>Blanka Novotn\u00e1<\/strong> &#8211; &#8222;<strong>Nebu\u010fme hloup\u011bj\u0161\u00ed ne\u017e osli<\/strong>&#8222;<\/a><\/span><\/span><\/p>\n<p><span style=\"font-size: 14pt;\">&nbsp; 4.2.2017 &#8211; <span style=\"color: #000000;\"><a style=\"color: #000000;\" href=\"https:\/\/valasskemezirici.casd.cz\/wp-content\/uploads\/2017\/01\/2017-02-04-Pavel-Koste\u010dka.pdf\" target=\"_blank\" rel=\"noopener noreferrer\"><strong>Pavel Koste\u010dka<\/strong> &#8211; &#8222;<strong>Jak se zal\u00edbit Bohu<\/strong>&#8222;<\/a><\/span><\/span><\/p>\n<p><span style=\"font-size: 14pt;\">&nbsp; 7.2.2017 &#8211; <span style=\"color: #000000;\"><a style=\"color: #000000;\" href=\"https:\/\/valasskemezirici.casd.cz\/wp-content\/uploads\/2017\/01\/2017-02-07-Tom\u00e1\u0161-Hasmanda-4.ekumenick\u00e1-bohoslu\u017eba.pdf\" target=\"_blank\" rel=\"noopener noreferrer\"><strong>Tom\u00e1\u0161 Hasmanda<\/strong> &#8211; &#8222;<strong>Sm\u00ed\u0159en\u00ed<\/strong>&#8222;<\/a><\/span><\/span><\/p>\n<p><span style=\"font-size: 14pt;\"> 11.2.2017 &#8211; <span style=\"color: #000000;\"><a style=\"color: #000000;\" href=\"https:\/\/valasskemezirici.casd.cz\/wp-content\/uploads\/2017\/01\/2017-02-07-Tom\u00e1\u0161-Hasmanda-4.ekumenick\u00e1-bohoslu\u017eba.pdf\" target=\"_blank\" rel=\"noopener noreferrer\"><strong>Marek Wagner<\/strong> &#8211; &#8222;<strong>\u00davahy s Korneliem Novakem<\/strong>&#8222;<\/a><\/span><\/span><\/p>\n<p><span style=\"font-size: 14pt;\">18.2.2017 &#8211; <span style=\"color: #000000;\"><a style=\"color: #000000;\" href=\"https:\/\/valasskemezirici.casd.cz\/wp-content\/uploads\/2017\/01\/2017-02-18-Pavel-Pimek.pdf\" target=\"_blank\" rel=\"noopener noreferrer\"><strong>Pavel Pimek<\/strong> &#8211; &#8222;<strong>Den rodiny, man\u017eelstv\u00ed<\/strong>&#8222;<\/a><\/span><\/span><\/p>\n<p><span style=\"font-size: 14pt;\">25.2.2017 &#8211; <span style=\"color: #000000;\"><a style=\"color: #000000;\" href=\"https:\/\/valasskemezirici.casd.cz\/wp-content\/uploads\/2017\/01\/2017-02-25-Pavel-Koste\u010dka.pdf\" target=\"_blank\" rel=\"noopener noreferrer\"><strong>Pavel Koste\u010dka<\/strong> &#8211; &#8222;<strong>Jsem B\u016fh \u017e\u00e1rliv\u011b miluj\u00edc\u00ed<\/strong>&#8222;<\/a><\/span><\/span><\/p>\n<p><span style=\"font-size: 14pt;\"> 4.3.2017 &#8211; <span style=\"color: #000000;\"><a style=\"color: #000000;\" href=\"https:\/\/valasskemezirici.casd.cz\/wp-content\/uploads\/2017\/01\/2017-03-04-Ji\u0159\u00ed-Vesel\u00fd.pdf\" target=\"_blank\" rel=\"noopener noreferrer\"><strong>Ji\u0159\u00ed Vesel\u00fd<\/strong> &#8211; &#8222;<strong>Duch svat\u00fd a jeho p\u016fsoben\u00ed<\/strong>&#8222;<\/a><\/span><\/span><\/p>\n<p><span style=\"font-size: 14pt;\"> 11.3.2017 &#8211; <span style=\"color: #000000;\"><a style=\"color: #000000;\" href=\"https:\/\/valasskemezirici.casd.cz\/wp-content\/uploads\/2017\/01\/2017-03-11-Milo\u0161-Mro\u010dek.pdf\" target=\"_blank\" rel=\"noopener noreferrer\"><strong>Bohumil Mro\u010dek<\/strong> &#8211; &#8222;<strong>Sbor v Tesalonice<\/strong>&#8222;<\/a><\/span><\/span><\/p>\n<p><span style=\"font-size: 14pt;\"> 18.3.2017 &#8211;<span style=\"color: #000000;\"><a style=\"color: #000000;\" href=\"https:\/\/valasskemezirici.casd.cz\/wp-content\/uploads\/2017\/01\/2017-03-18-Jaroslav-\u0160los\u00e1rek.pdf\" target=\"_blank\" rel=\"noopener noreferrer\"> <strong>Jaroslav \u0160los\u00e1rek<\/strong> &#8211; &#8222;<strong>Ve\u010de\u0159e P\u00e1n\u011b<\/strong>&#8222;<\/a><\/span><\/span><\/p>\n<p><span style=\"font-size: 14pt;\"> 25.3.2017 &#8211;<span style=\"color: #000000;\"><a style=\"color: #000000;\" href=\"https:\/\/valasskemezirici.casd.cz\/wp-content\/uploads\/2017\/01\/2017-03-25-Anna-Petrovi\u010dov\u00e1.pdf\" target=\"_blank\" rel=\"noopener noreferrer\"> <strong>Anna Petrovi\u010dov\u00e1<\/strong> &#8211; &#8222;<strong>V\u00edra &#8211; co je to v\u00edra?<\/strong>&#8222;<\/a><\/span><\/span><\/p>\n<p><span style=\"font-size: 14pt;\"> 1.4.2017 <span style=\"color: #000000;\">&#8211;<a style=\"color: #000000;\" href=\"https:\/\/valasskemezirici.casd.cz\/wp-content\/uploads\/2017\/01\/2017-04-01-Zvol\u00e1nek.pdf\" target=\"_blank\" rel=\"noopener noreferrer\"> <strong>Pavel Zvol\u00e1nek<\/strong> &#8211; &#8222;<strong>Jde zm\u011bnit sv\u016fj \u00fad\u011bl?<\/strong>&#8222;<\/a><\/span><\/span><\/p>\n<p><span style=\"font-size: 14pt;\">22.4.2017 <span style=\"color: #000000;\">&#8211; <a style=\"color: #000000;\" href=\"https:\/\/valasskemezirici.casd.cz\/wp-content\/uploads\/2017\/01\/2017-04-22-Pavel-Koste\u010dka.pdf\" target=\"_blank\" rel=\"noopener noreferrer\"><strong> Pavel Koste\u010dka <\/strong> &#8211; &#8222;<strong>Pa\u0161ijov\u00fd p\u0159\u00edb\u011bh o\u010dima apo\u0161tola Petra<\/strong>&#8222;<\/a><\/span><\/span><\/p>\n<p><span style=\"font-size: 14pt;\">29.4.2017 <span style=\"color: #000000;\">&#8211; <a style=\"color: #000000;\" href=\"https:\/\/valasskemezirici.casd.cz\/wp-content\/uploads\/2017\/01\/2017-04-29-Pavel-Pimek.pdf\" target=\"_blank\" rel=\"noopener noreferrer\"><strong> Pavel Pimek <\/strong> &#8211; &#8222;<strong>Jak mluvit o Bohu<\/strong>&#8222;<\/a><\/span><\/span><\/p>\n<p><span style=\"font-size: 14pt;\"> 8.5.2017 <span style=\"color: #000000;\">&#8211; <a style=\"color: #000000;\" href=\"https:\/\/valasskemezirici.casd.cz\/wp-content\/uploads\/2017\/01\/2017-05-06-Ju\u0159\u00ednek.pdf\" target=\"_blank\" rel=\"noopener noreferrer\"><strong> Jarom\u00edr Ju\u0159\u00ednek <\/strong> &#8211; &#8222;<strong>H\u0159\u00edch<\/strong>&#8222;<\/a><\/span><\/span><\/p>\n<p><span style=\"font-size: 14pt;\">20.5.2017 <span style=\"color: #000000;\">&#8211; <a style=\"color: #000000;\" href=\"https:\/\/valasskemezirici.casd.cz\/wp-content\/uploads\/2017\/01\/2017-05-20-Bohumil-Mro\u010dek.pdf\" target=\"_blank\" rel=\"noopener noreferrer\"><strong> Bohumil Mro\u010dek <\/strong> &#8211; &#8222;<strong>K\u00e1z\u00e1n\u00ed na 1 Pt 5.kapitola<\/strong>&#8222;<\/a><\/span><\/span><\/p>\n<p><span style=\"font-size: 14pt;\">27.5.2017 <span style=\"color: #000000;\">&#8211; <a style=\"color: #000000;\" href=\"https:\/\/valasskemezirici.casd.cz\/wp-content\/uploads\/2017\/01\/2017-05-27-Jaroslav-Stejskal.pdf\" target=\"_blank\" rel=\"noopener noreferrer\"><strong> Jaroslav Stejskal <\/strong> &#8211; &#8222;<strong>Podobenstv\u00ed o nepoctiv\u00e9m spr\u00e1vci<\/strong>&#8222;<\/a><\/span><\/span><\/p>\n<p><span style=\"font-size: 14pt;\">10.6.2017 <span style=\"color: #000000;\">&#8211; <a style=\"color: #000000;\" href=\"https:\/\/valasskemezirici.casd.cz\/wp-content\/uploads\/2017\/01\/2017-06-10-Marek-Wagner.pdf\" target=\"_blank\" rel=\"noopener noreferrer\"><strong> Marek Wagner <\/strong> &#8211; &#8222;<strong>Jak se vyznat ve zpr\u00e1v\u00e1ch dne\u0161n\u00ed doby<\/strong>&#8222;<\/a><\/span><\/span>&nbsp;<\/p>\n<p><span style=\"font-size: 14pt; color: #000000;\">29.7.2017 &#8211;<a style=\"color: #000000;\" href=\"https:\/\/valasskemezirici.casd.cz\/wp-content\/uploads\/2017\/01\/2017-07-29-Pavel-Koste\u010dka.pdf\" target=\"_blank\" rel=\"noopener noreferrer\"> <strong> Pavel Koste\u010dka <\/strong> &#8211; &#8222;<strong>Praotec J\u00e1kob<\/strong>&#8222;<\/a><\/span><\/p>\n<p><span style=\"font-size: 14pt; color: #000000;\">5.8.2017 &#8211;<a style=\"color: #000000;\" href=\"https:\/\/valasskemezirici.casd.cz\/wp-content\/uploads\/2017\/01\/2017-08-05-Ludmila-Obadalov\u00e1.pdf\" target=\"_blank\" rel=\"noopener noreferrer\"> <strong> Ludmila Obadalov\u00e1 <\/strong> &#8211; &#8222;<strong>P\u0159\u00edb\u011bhy odchod\u016f<\/strong>&#8222;<\/a><\/span><\/p>\n<p><span style=\"font-size: 14pt; color: #000000;\">12.8.2017 &#8211; <a style=\"color: #000000;\" href=\"https:\/\/valasskemezirici.casd.cz\/wp-content\/uploads\/2017\/01\/2017-08-12-Milan-Kubi\u010d\u00edk.pdf\" target=\"_blank\" rel=\"noopener noreferrer\"><strong> Milan Kubi\u010d\u00edk <\/strong> &#8211; &#8222;<strong>Nesu\u010fte, abyste nebyli souzeni<\/strong>&#8222;<\/a><\/span>&nbsp;<\/p>\n<p><span style=\"font-size: 14pt; color: #000000;\">19.8.2017 &#8211; <a style=\"color: #000000;\" href=\"https:\/\/valasskemezirici.casd.cz\/wp-content\/uploads\/2017\/01\/2017-08-19-Jarom\u00edr-Ju\u0159\u00ednek.pdf\" target=\"_blank\" rel=\"noopener noreferrer\"><strong> Jarom\u00edr Ju\u0159\u00ednek <\/strong> &#8211; &#8222;<strong>Kn\u011b\u017esk\u00e1 slu\u017eba<\/strong>&#8222;<\/a><\/span><\/p>\n<p><span style=\"font-size: 14pt; color: #000000;\">26.8.2017 &#8211; <a style=\"color: #000000;\" href=\"https:\/\/valasskemezirici.casd.cz\/wp-content\/uploads\/2017\/01\/2017-08-26-Pavel-Koste\u010dka.pdf\" target=\"_blank\" rel=\"noopener noreferrer\"><strong> Pavel Koste\u010dka <\/strong> &#8211; &#8222;<strong>Ot\u00e1zky v P\u00edsmu<\/strong>&#8222;<\/a><\/span><\/p>\n<p><span style=\"font-size: 14pt; color: #000000;\">2.9.2017 &#8211; <a style=\"color: #000000;\" href=\"https:\/\/valasskemezirici.casd.cz\/wp-content\/uploads\/2017\/01\/2017-09-02-Pavel-Pimek.pdf\" target=\"_blank\" rel=\"noopener noreferrer\"><strong> Pavel Pimek <\/strong> &#8211; &#8222;<strong>Apo\u0161tol Pavel v Jeruzal\u00e9m\u011b p\u0159ed jeho zat\u010den\u00edm<\/strong>&#8222;<\/a><\/span><\/p>\n<p><span style=\"font-size: 14pt; color: #000000;\">9.9.2017 &#8211; <a style=\"color: #000000;\" href=\"https:\/\/valasskemezirici.casd.cz\/wp-content\/uploads\/2017\/01\/2017-09-09-Bohumil-Mro\u010dek.pdf\" target=\"_blank\" rel=\"noopener noreferrer\"><strong> Bohumil Mro\u010dek <\/strong> &#8211; &#8222;<strong>Skutky apo\u0161tol\u016f 12. a 13.kapitola<\/strong>&#8222;<\/a><\/span><\/p>\n<p><span style=\"font-size: 14pt; color: #000000;\">23.9.2017 &#8211; <a style=\"color: #000000;\" href=\"https:\/\/valasskemezirici.casd.cz\/wp-content\/uploads\/2017\/01\/2017-09-23-Petr-Harastej.pdf\" target=\"_blank\" rel=\"noopener noreferrer\"><strong> Petr Harastej <\/strong> &#8211; &#8222;<strong>M\u00e1me v srdci Je\u017e\u00ed\u0161e Krista ?<\/strong>&#8222;<\/a><\/span>&nbsp;<\/p>\n<p><span style=\"font-size: 14pt; color: #000000;\">30.9.2017 &#8211; <a style=\"color: #000000;\" href=\"https:\/\/valasskemezirici.casd.cz\/wp-content\/uploads\/2017\/01\/2017-09-30-Pavel-Koste\u010dka.pdf\" target=\"_blank\" rel=\"noopener noreferrer\"><strong> Pavel Koste\u010dka <\/strong> &#8211; &#8222;<strong>Des\u00e1tek jako projev vd\u011b\u010dnosti<\/strong>&#8222;<\/a><\/span>&nbsp;<\/p>\n<p><span style=\"font-size: 14pt; color: #000000;\">7.10.2017 &#8211; <a style=\"color: #000000;\" href=\"https:\/\/valasskemezirici.casd.cz\/wp-content\/uploads\/2017\/01\/2017-10-07-Pavel-Koste\u010dka.pdf\" target=\"_blank\" rel=\"noopener noreferrer\"><strong> Pavel Koste\u010dka <\/strong> &#8211; &#8222;<strong>Druh\u00fd p\u0159\u00edchod Je\u017e\u00ed\u0161e Krista<\/strong>&#8222;<\/a><\/span>&nbsp;<\/p>\n<p><span style=\"font-size: 14pt; color: #000000;\">14.10.2017 &#8211; <a style=\"color: #000000;\" href=\"https:\/\/valasskemezirici.casd.cz\/wp-content\/uploads\/2017\/01\/2017-10-17-Zden\u011bk-Luk\u0161\u00edk.pdf\" target=\"_blank\" rel=\"noopener noreferrer\"><strong> Zden\u011bk Luk\u0161\u00edk <\/strong> &#8211; &#8222;<strong>Ne\u010dt\u011bme Bibli o\u010dima jin\u00fdch<\/strong>&#8222;<\/a><\/span>&nbsp;<\/p>\n<p><span style=\"font-size: 14pt; color: #000000;\">21.10.2017 &#8211; <a style=\"color: #000000;\" href=\"https:\/\/valasskemezirici.casd.cz\/wp-content\/uploads\/2017\/01\/2017-10-21-Blanka-Novotn\u00e1.pdf\" target=\"_blank\" rel=\"noopener noreferrer\"><strong> Blanka Novotn\u00e1 <\/strong> &#8211; &#8222;<strong>B\u016fh a n\u00e1\u0161 strach<\/strong>&#8222;<\/a><\/span>&nbsp;<\/p>\n<p><span style=\"font-size: 14pt; color: #000000;\">28.10.2017 &#8211; <a style=\"color: #000000;\" href=\"https:\/\/valasskemezirici.casd.cz\/wp-content\/uploads\/2017\/01\/2017-10-28-Pavel-Koste\u010dka.pdf\" target=\"_blank\" rel=\"noopener noreferrer\"><strong> Pavel Koste\u010dka <\/strong> &#8211; &#8222;<strong>Pok\u00e1n\u00ed<\/strong>&#8222;<\/a><\/span><\/p>\n<p><span style=\"font-size: 14pt; color: #000000;\">4.11.2017 &#8211; <a style=\"color: #000000;\" href=\"https:\/\/valasskemezirici.casd.cz\/wp-content\/uploads\/2017\/01\/2017-11-04-Bohumil-Mro\u010dek.pdf\" target=\"_blank\" rel=\"noopener noreferrer\"><strong> Bohumil Mro\u010dek <\/strong> &#8211; &#8222;<strong>Skrze jednoho \u010dlov\u011bka ve\u0161el na sv\u011bt h\u0159\u00edch<\/strong>&#8222;<\/a><\/span><\/p>\n<p><span style=\"font-size: 14pt; color: #000000;\">2.12.2017 &#8211; <a style=\"color: #000000;\" href=\"https:\/\/valasskemezirici.casd.cz\/wp-content\/uploads\/2017\/01\/2017-12-02-Lud\u011bk-Svr\u010dek.pdf\" target=\"_blank\" rel=\"noopener noreferrer\"><strong> Lud\u011bk Svr\u010dek <\/strong> &#8211; &#8222;<strong>1 Kr\u00e1l 19. kapitola<\/strong>&#8222;<\/a><\/span><\/p>\n<p><span style=\"font-size: 14pt; color: #000000;\">9.12.2017 &#8211; <a style=\"color: #000000;\" href=\"https:\/\/valasskemezirici.casd.cz\/wp-content\/uploads\/2017\/01\/2017-12-09-Karel-Strouhal.pdf\" target=\"_blank\" rel=\"noopener noreferrer\"><strong> Karel Strouhal <\/strong> &#8211; &#8222;<strong>Ve\u010de\u0159e P\u00e1n\u011b<\/strong>&#8222;<\/a><\/span><\/p>\n<p><span style=\"font-size: 14pt; color: #000000;\">16.12.2017 &#8211; <a style=\"color: #000000;\" href=\"https:\/\/valasskemezirici.casd.cz\/wp-content\/uploads\/2017\/01\/2017-12-16-Milan-Kubi\u010d\u00edk.pdf\" target=\"_blank\" rel=\"noopener noreferrer\"><strong> Milan Kubi\u010d\u00edk <\/strong> &#8211; &#8222;<strong>\u010cas smutku nebo radostn\u00fdch oslav<\/strong>&#8222;<\/a><\/span><br \/>\n&nbsp;<\/p>\n<p>&nbsp;<\/p>\n","protected":false},"excerpt":{"rendered":"<p>Rok 2017 &nbsp; &nbsp; 7.1.2017 &#8211; Pavel Koste\u010dka &#8211; &#8222;Co p\u0159inese nov\u00fd rok&#8220; 14.1.2017 &#8211; Pavel Koste\u010dka &#8211; &#8222;Oby\u010dejn\u00ed lid\u00e9, oby\u010dejn\u00e9 v\u011bci&#8220; 17.1.2017 &#8211; Pavel \u0160tefan &#8211; &#8222;Sm\u00ed\u0159en\u00ed \u2013 Kristova l\u00e1ska n\u00e1s nut\u00ed&#8220; 21.1.2017 &#8211; Petr Kimler &#8211; &#8222;Nebra\u0148te druh\u00fdm chv\u00e1lit Krista&#8222; 24.1.2017 &#8211; Daniel Heller &#8211; &#8222;Sm\u00ed\u0159en\u00ed c\u00edrkv\u00ed&#8222; 28.1.2017 &#8211; Blanka Novotn\u00e1 &#8211; &#8222;Nebu\u010fme [&hellip;]<\/p>\n","protected":false},"author":1,"featured_media":0,"parent":2372,"menu_order":8,"comment_status":"closed","ping_status":"closed","template":"","meta":{"ngg_post_thumbnail":0,"footnotes":""},"class_list":["post-2379","page","type-page","status-publish","hentry"],"_links":{"self":[{"href":"https:\/\/valasskemezirici.casd.cz\/index.php?rest_route=\/wp\/v2\/pages\/2379","targetHints":{"allow":["GET"]}}],"collection":[{"href":"https:\/\/valasskemezirici.casd.cz\/index.php?rest_route=\/wp\/v2\/pages"}],"about":[{"href":"https:\/\/valasskemezirici.casd.cz\/index.php?rest_route=\/wp\/v2\/types\/page"}],"author":[{"embeddable":true,"href":"https:\/\/valasskemezirici.casd.cz\/index.php?rest_route=\/wp\/v2\/users\/1"}],"replies":[{"embeddable":true,"href":"https:\/\/valasskemezirici.casd.cz\/index.php?rest_route=%2Fwp%2Fv2%2Fcomments&post=2379"}],"version-history":[{"count":71,"href":"https:\/\/valasskemezirici.casd.cz\/index.php?rest_route=\/wp\/v2\/pages\/2379\/revisions"}],"predecessor-version":[{"id":3902,"href":"https:\/\/valasskemezirici.casd.cz\/index.php?rest_route=\/wp\/v2\/pages\/2379\/revisions\/3902"}],"up":[{"embeddable":true,"href":"https:\/\/valasskemezirici.casd.cz\/index.php?rest_route=\/wp\/v2\/pages\/2372"}],"wp:attachment":[{"href":"https:\/\/valasskemezirici.casd.cz\/index.php?rest_route=%2Fwp%2Fv2%2Fmedia&parent=2379"}],"curies":[{"name":"wp","href":"https:\/\/api.w.org\/{rel}","templated":true}]}}