{"id":5465,"date":"2020-01-02T11:11:18","date_gmt":"2020-01-02T10:11:18","guid":{"rendered":"http:\/\/valasskemezirici.casd.cz\/?page_id=5465"},"modified":"2026-01-11T09:43:52","modified_gmt":"2026-01-11T08:43:52","slug":"archiv-kazani-2020","status":"publish","type":"page","link":"https:\/\/valasskemezirici.casd.cz\/?page_id=5465","title":{"rendered":"Archiv k\u00e1z\u00e1n\u00ed 2020"},"content":{"rendered":"<h4><span style=\"color: #000000;\">4.ledna 2020 &#8211; Bohumil Mro\u010dek<\/span><\/h4>\n<h4><span style=\"color: #000000;\"><a style=\"color: #000000;\" href=\"https:\/\/valasskemezirici.casd.cz\/wp-content\/uploads\/2020\/01\/2020-01-14-aliann-Hynek-Dona.mp3\" target=\"_blank\" rel=\"noopener noreferrer\">14.ledna 2020 &#8211; alian\u010dn\u00ed shrom\u00e1\u017ed\u011bn\u00ed &#8211; Hynek Dona<\/a><\/span><\/h4>\n<h4><span style=\"color: #000000;\"><a style=\"color: #000000;\" href=\"https:\/\/valasskemezirici.casd.cz\/wp-content\/uploads\/2020\/01\/2020-01-18-Kloda.mp3\" target=\"_blank\" rel=\"noopener noreferrer\">18.ledna 2020 &#8211; Ji\u0159\u00ed Kloda<\/a><\/span><\/h4>\n<h4><span style=\"color: #000000;\"><a style=\"color: #000000;\" href=\"https:\/\/valasskemezirici.casd.cz\/wp-content\/uploads\/2020\/01\/2020-01-25-Hynek-Dona.mp3\" target=\"_blank\" rel=\"noopener noreferrer\">25.ledna 2020 &#8211; Hynek Dona<\/a><\/span><\/h4>\n<h4><span style=\"color: #000000;\"><a style=\"color: #000000;\" href=\"https:\/\/valasskemezirici.casd.cz\/wp-content\/uploads\/2020\/01\/2020-01-28-alian\u010dn\u00ed-Jarek-Zub\u00edk.mp3\" target=\"_blank\" rel=\"noopener noreferrer\">28.ledna 2020 &#8211; alian\u010dn\u00ed shrom\u00e1\u017ed\u011bn\u00ed &#8211; Jarda Zub\u00edk<\/a><\/span><\/h4>\n<h4><span style=\"color: #000000;\"><a style=\"color: #000000;\" href=\"https:\/\/valasskemezirici.casd.cz\/wp-content\/uploads\/2020\/01\/2020-02-01-Martin-Drabina.mp3\" target=\"_blank\" rel=\"noopener noreferrer\">1.\u00fanora 2020 &#8211; Martin Drabina<\/a><\/span><\/h4>\n<h4><span style=\"color: #000000;\"><a style=\"color: #000000;\" href=\"https:\/\/valasskemezirici.casd.cz\/wp-content\/uploads\/2020\/01\/2020-02-04-alian\u010dn\u00ed-Pavel-Stefan.mp3\" target=\"_blank\" rel=\"noopener noreferrer\"><strong>4.\u00fanora 2020 &#8211; alian\u010dn\u00ed shrom\u00e1\u017ed\u011bn\u00ed &#8211; Pavel Stefan<\/strong><\/a><\/span><\/h4>\n<h4><span style=\"color: #000000;\"><a style=\"color: #000000;\" href=\"https:\/\/valasskemezirici.casd.cz\/wp-content\/uploads\/2020\/01\/2020-02-08-Libor-Kisza.mp3\" target=\"_blank\" rel=\"noopener noreferrer\"><strong>8.\u00fanora 2020 &#8211; Libor Kisza<\/strong><\/a><\/span><\/h4>\n<h4><span style=\"color: #000000;\"><a style=\"color: #000000;\" href=\"https:\/\/valasskemezirici.casd.cz\/wp-content\/uploads\/2020\/02\/2020-02-17-Kornelius-Novak.mp3\" target=\"_blank\" rel=\"noopener noreferrer\">17.\u00fanora 2020 &#8211; Kornelius Novak<\/a><\/span><\/h4>\n<h4><span style=\"color: #000000;\"><a style=\"color: #000000;\" href=\"https:\/\/valasskemezirici.casd.cz\/wp-content\/uploads\/2020\/02\/2020-02-18-Kornelius-Novak.mp3\" target=\"_blank\" rel=\"noopener noreferrer\">18.\u00fanora 2020 &#8211; Kornelius Novak<\/a><\/span><\/h4>\n<h4><span style=\"color: #000000;\"><a style=\"color: #000000;\" href=\"https:\/\/valasskemezirici.casd.cz\/wp-content\/uploads\/2020\/02\/2020-02-19-Kornelius-Novak.mp3\" target=\"_blank\" rel=\"noopener noreferrer\">19.\u00fanora 2020 &#8211; Kornelius Novak<\/a><\/span><\/h4>\n<h4><span style=\"color: #000000;\"><a style=\"color: #000000;\" href=\"https:\/\/valasskemezirici.casd.cz\/wp-content\/uploads\/2020\/01\/2020-02-22-Jarom\u00edr-Ju\u0159\u00ednek.mp3\" target=\"_blank\" rel=\"noopener noreferrer\">22.\u00fanora 2020 &#8211; Jarom\u00edr Ju\u0159\u00ednek<\/a><\/span><\/h4>\n<h4><span style=\"color: #000000;\"><a style=\"color: #000000;\" href=\"https:\/\/valasskemezirici.casd.cz\/wp-content\/uploads\/2020\/01\/2020-02-29-Hynek-Dona.mp3\" target=\"_blank\" rel=\"noopener noreferrer\">29.\u00fanora 2020 &#8211; Hynek Dona<\/a><\/span><\/h4>\n<h4><span style=\"color: #000000;\"><a style=\"color: #000000;\" href=\"https:\/\/valasskemezirici.casd.cz\/wp-content\/uploads\/2020\/01\/2020-03-07-Elen-Egerov\u00e1.mp3\" target=\"_blank\" rel=\"noopener noreferrer\"><strong>7.b\u0159ezna 2020 &#8211; Elen Egerov\u00e1<\/strong><\/a><\/span><\/h4>\n<h4><span style=\"color: #000000;\"><a style=\"color: #000000;\" href=\"https:\/\/valasskemezirici.casd.cz\/wp-content\/uploads\/2020\/01\/2020-05-16-Hynek-Dona.mp3\" target=\"_blank\" rel=\"noopener noreferrer\">16.kv\u011btna 2020 &#8211; Hynek Dona<\/a><\/span><\/h4>\n<h4><span style=\"color: #000000;\"><a style=\"color: #000000;\" href=\"https:\/\/valasskemezirici.casd.cz\/wp-content\/uploads\/2020\/01\/2020-05-23-Ji\u0159\u00ed-Vesel\u00fd.mp3\" target=\"_blank\" rel=\"noopener noreferrer\">23.kv\u011btna 2020 &#8211; Ji\u0159\u00ed Vesel\u00fd<\/a><\/span><\/h4>\n<h4><span style=\"color: #000000;\"><a style=\"color: #000000;\" href=\"https:\/\/valasskemezirici.casd.cz\/wp-content\/uploads\/2020\/01\/2020-05-30-Hynek-Dona-VP.mp3\" target=\"_blank\" rel=\"noopener noreferrer\">30.kv\u011btna 2020 &#8211; Hynek Dona VP<\/a><\/span><\/h4>\n<h4><span style=\"color: #000000;\"><a style=\"color: #000000;\" href=\"https:\/\/valasskemezirici.casd.cz\/wp-content\/uploads\/2020\/01\/2020-06-06-Karel-Strouhal.mp3\" target=\"_blank\" rel=\"noopener noreferrer\">6.\u010dervna 2020 &#8211; Karel Strouhal<\/a><\/span><\/h4>\n<h4><span style=\"color: #000000;\"><a style=\"color: #000000;\" href=\"https:\/\/valasskemezirici.casd.cz\/wp-content\/uploads\/2020\/07\/2020-06-13-Marek-Wagner.mp3\" target=\"_blank\" rel=\"noopener noreferrer\">13.\u010dervna 2020 &#8211; Marek Wagner<\/a><\/span><\/h4>\n<h4><span style=\"color: #000000;\"><a style=\"color: #000000;\" href=\"https:\/\/valasskemezirici.casd.cz\/wp-content\/uploads\/2020\/07\/2020-06-20-Ji\u0159\u00ed-Pavl\u00e1n.mp3\" target=\"_blank\" rel=\"noopener noreferrer\">20.\u010dervna 2020 &#8211; Ji\u0159\u00ed Pavl\u00e1n<\/a><\/span><\/h4>\n<h4><span style=\"color: #000000;\"><a style=\"color: #000000;\" href=\"https:\/\/valasskemezirici.casd.cz\/wp-content\/uploads\/2020\/07\/2020-06-27Hynek-Dona.mp3\" target=\"_blank\" rel=\"noopener noreferrer\">27.\u010dervna 2020 &#8211; Hynek Dona<\/a><\/span><\/h4>\n<h4><span style=\"color: #000000;\"><a style=\"color: #000000;\" href=\"https:\/\/valasskemezirici.casd.cz\/wp-content\/uploads\/2020\/07\/2020-07-04-Ji\u0159\u00ed-Kloda.mp3\" target=\"_blank\" rel=\"noopener noreferrer\">4.\u010dervence 2020 &#8211; Ji\u0159\u00ed Kloda<\/a><\/span><\/h4>\n<h4><span style=\"color: #000000;\"><a style=\"color: #000000;\" href=\"https:\/\/valasskemezirici.casd.cz\/wp-content\/uploads\/2020\/07\/2020-07-11-Radim-Sk\u00e1cel.mp3\" target=\"_blank\" rel=\"noopener noreferrer\">11.\u010dervence 2020 &#8211; Radim Sk\u00e1cel<\/a><\/span><\/h4>\n<h4><span style=\"color: #000000;\"><a style=\"color: #000000;\" href=\"https:\/\/valasskemezirici.casd.cz\/wp-content\/uploads\/2020\/07\/2020-07-18-Hynek-Dona.mp3\" target=\"_blank\" rel=\"noopener noreferrer\">28.\u010dervence 2020 &#8211; Hynek Dona<\/a><\/span><\/h4>\n<h4><span style=\"color: #000000;\"><a style=\"color: #000000;\" href=\"https:\/\/valasskemezirici.casd.cz\/wp-content\/uploads\/2020\/08\/2020-08-01-Ji\u0159\u00ed-Vesel\u00fd.mp3\" target=\"_blank\" rel=\"noopener noreferrer\">1.srpna 2020 &#8211; Ji\u0159\u00ed Vesel\u00fd<\/a><\/span><\/h4>\n<h4><span style=\"color: #000000;\"><a style=\"color: #000000;\" href=\"https:\/\/valasskemezirici.casd.cz\/wp-content\/uploads\/2020\/09\/2020-08-29-Hynek-Dona.mp3\" target=\"_blank\" rel=\"noopener noreferrer\">29.srpna 2020 &#8211; Hynek Dona<\/a><\/span><\/h4>\n<h4><span style=\"color: #000000;\"><a style=\"color: #000000;\" href=\"https:\/\/valasskemezirici.casd.cz\/wp-content\/uploads\/2020\/09\/2020-09-05-Marek-Wagner.mp3\" target=\"_blank\" rel=\"noopener noreferrer\">5.z\u00e1\u0159\u00ed 2020 &#8211; Marek Wagner<\/a><\/span><\/h4>\n<h4><span style=\"background-color: #ffffff; color: #000000;\"><a style=\"background-color: #ffffff; color: #000000;\" href=\"https:\/\/valasskemezirici.casd.cz\/wp-content\/uploads\/2020\/09\/2020-09-12-Milan-Kubicik.mp3\" target=\"_blank\" rel=\"noopener noreferrer\">12.z\u00e1\u0159\u00ed 2020 &#8211; Milan Kubi\u010d\u00edk<\/a><\/span><\/h4>\n<h4><span style=\"color: #000000;\"><a style=\"color: #000000;\" href=\"https:\/\/valasskemezirici.casd.cz\/wp-content\/uploads\/2020\/12\/2020-09-19-Hynek-Dona.mp3\" target=\"_blank\" rel=\"noopener\">19.z\u00e1\u0159\u00ed 2020 &#8211; Hynek Dona<\/a><\/span><\/h4>\n<h4><span style=\"color: #000000;\"><a style=\"color: #000000;\" href=\"https:\/\/valasskemezirici.casd.cz\/wp-content\/uploads\/2020\/12\/2020-10-03-Jiri-Kloda.mp3\" target=\"_blank\" rel=\"noopener\">3.\u0159\u00edjna 2020 &#8211; Ji\u0159\u00ed Kloda<\/a><\/span><\/h4>\n<h4><span style=\"color: #000000;\"><a style=\"color: #000000;\" href=\"https:\/\/valasskemezirici.casd.cz\/wp-content\/uploads\/2020\/12\/2020-10-10-Hynek-Dona.mp3\" target=\"_blank\" rel=\"noopener\">10.\u0159\u00edjna 2020 &#8211; Hynek Dona<\/a><\/span><\/h4>\n<h4><span style=\"color: #000000;\"><a style=\"color: #000000;\" href=\"https:\/\/valasskemezirici.casd.cz\/wp-content\/uploads\/2020\/12\/2020-11-28-Hynek-Dona.mp3\" target=\"_blank\" rel=\"noopener\">28.listopadu 2020 &#8211; Hynek Dona<\/a><\/span><\/h4>\n<h4><span style=\"color: #000000;\"><a style=\"color: #000000;\" href=\"https:\/\/valasskemezirici.casd.cz\/wp-content\/uploads\/2020\/12\/2020-12-05-Jiri-Pavlan.mp3\" target=\"_blank\" rel=\"noopener\">5.prosince 2020 &#8211; Ji\u0159\u00ed Pavl\u00e1n<\/a><\/span><\/h4>\n<h4><span style=\"color: #000000;\"><a style=\"color: #000000;\" href=\"https:\/\/valasskemezirici.casd.cz\/wp-content\/uploads\/2020\/12\/2020-12-12-Hynek-Dona-VP.mp3\" target=\"_blank\" rel=\"noopener\">12.prosince 2020 &#8211; Hynek Dona VP<\/a><\/span><\/h4>\n<h4><span style=\"color: #000000;\"><a style=\"color: #000000;\" href=\"https:\/\/valasskemezirici.casd.cz\/wp-content\/uploads\/2020\/12\/2020-12-19-Hynek-Dona.mp3\" target=\"_blank\" rel=\"noopener\">19.prosince 2020 &#8211; Hynek Dona&nbsp;<\/a><\/span><\/h4>\n<h4><span style=\"color: #000000;\"><a style=\"color: #000000;\" href=\"https:\/\/valasskemezirici.casd.cz\/wp-content\/uploads\/2020\/12\/2020-12-26-Lumir-Korensky-1.mp3\" target=\"_blank\" rel=\"noopener\">26.prosince 2020 &#8211; Lum\u00edr Ko\u0159ensk\u00fd<\/a><\/span><\/h4>\n<p>&nbsp;<\/p>\n<h4>&nbsp;<\/h4>\n<p>&nbsp;<\/p>\n","protected":false},"excerpt":{"rendered":"<p>4.ledna 2020 &#8211; Bohumil Mro\u010dek 14.ledna 2020 &#8211; alian\u010dn\u00ed shrom\u00e1\u017ed\u011bn\u00ed &#8211; Hynek Dona 18.ledna 2020 &#8211; Ji\u0159\u00ed Kloda 25.ledna 2020 &#8211; Hynek Dona 28.ledna 2020 &#8211; alian\u010dn\u00ed shrom\u00e1\u017ed\u011bn\u00ed &#8211; Jarda Zub\u00edk 1.\u00fanora 2020 &#8211; Martin Drabina 4.\u00fanora 2020 &#8211; alian\u010dn\u00ed shrom\u00e1\u017ed\u011bn\u00ed &#8211; Pavel Stefan 8.\u00fanora 2020 &#8211; Libor Kisza 17.\u00fanora 2020 &#8211; Kornelius Novak 18.\u00fanora [&hellip;]<\/p>\n","protected":false},"author":1,"featured_media":0,"parent":2372,"menu_order":5,"comment_status":"closed","ping_status":"closed","template":"","meta":{"ngg_post_thumbnail":0,"footnotes":""},"class_list":["post-5465","page","type-page","status-publish","hentry"],"_links":{"self":[{"href":"https:\/\/valasskemezirici.casd.cz\/index.php?rest_route=\/wp\/v2\/pages\/5465","targetHints":{"allow":["GET"]}}],"collection":[{"href":"https:\/\/valasskemezirici.casd.cz\/index.php?rest_route=\/wp\/v2\/pages"}],"about":[{"href":"https:\/\/valasskemezirici.casd.cz\/index.php?rest_route=\/wp\/v2\/types\/page"}],"author":[{"embeddable":true,"href":"https:\/\/valasskemezirici.casd.cz\/index.php?rest_route=\/wp\/v2\/users\/1"}],"replies":[{"embeddable":true,"href":"https:\/\/valasskemezirici.casd.cz\/index.php?rest_route=%2Fwp%2Fv2%2Fcomments&post=5465"}],"version-history":[{"count":4,"href":"https:\/\/valasskemezirici.casd.cz\/index.php?rest_route=\/wp\/v2\/pages\/5465\/revisions"}],"predecessor-version":[{"id":6062,"href":"https:\/\/valasskemezirici.casd.cz\/index.php?rest_route=\/wp\/v2\/pages\/5465\/revisions\/6062"}],"up":[{"embeddable":true,"href":"https:\/\/valasskemezirici.casd.cz\/index.php?rest_route=\/wp\/v2\/pages\/2372"}],"wp:attachment":[{"href":"https:\/\/valasskemezirici.casd.cz\/index.php?rest_route=%2Fwp%2Fv2%2Fmedia&parent=5465"}],"curies":[{"name":"wp","href":"https:\/\/api.w.org\/{rel}","templated":true}]}}